{"id":4074,"date":"2020-08-24T12:01:36","date_gmt":"2020-08-24T12:01:36","guid":{"rendered":"http:\/\/ipaeuskadi.org\/wordpress\/?page_id=4074"},"modified":"2024-05-06T22:54:19","modified_gmt":"2024-05-06T22:54:19","slug":"formacion-nacional-internacional","status":"publish","type":"page","link":"https:\/\/ipaeuskadi.org\/wordpress\/formacion-nacional-internacional\/","title":{"rendered":"Formaci\u00f3n (Nacional)"},"content":{"rendered":"<p style=\"text-align: justify;\">En esta p\u00e1gina, recogemos la Formaci\u00f3n, Seminarios, Jornadas de car\u00e1cter profesional que nos han remitido desde las comunidades en las que IPA participa como organizadora o colaboradora.<\/p>\n<p style=\"text-align: right;\">Actualizaci\u00f3n: 06\/05\/2024<\/p>\n<p style=\"text-align: justify;\">\n<table id=\"tablepress-16\" class=\"tablepress tablepress-id-16\">\n<thead>\n<tr class=\"row-1\">\n\t<th class=\"column-1\">Fecha<\/th><th class=\"column-2\">Evento<\/th><th class=\"column-3\">Contacto<\/th>\n<\/tr>\n<\/thead>\n<tbody class=\"row-striping row-hover\">\n<tr class=\"row-2\">\n\t<td class=\"column-1\">01\/06\/2024<\/td><td class=\"column-2\">II CURSO DE B\u00daSQUEDA EN GRANDES \u00c1REAS PERSONAS DESAPARECIDAS<\/td><td class=\"column-3\">Instituto de Formaci\u00f3n Integral en Seguridad y Emergencias (IFISE)    <br \/>\nM\u00e1s informaci\u00f3n: cursos@ipamadrid.es<\/td>\n<\/tr>\n<tr class=\"row-3\">\n\t<td class=\"column-1\">24\/04\/2024<\/td><td class=\"column-2\">Gu\u00eda de buenas pr\u00e1cticas para la atenci\u00f3n inmediata a las v\u00edctimas en siniestros viales\"<\/td><td class=\"column-3\">M\u00e1s informaci\u00f3n: :IPA Andaluc\u00eda<\/td>\n<\/tr>\n<tr class=\"row-4\">\n\t<td class=\"column-1\">20\/04\/2024<br \/>\n<\/td><td class=\"column-2\">CURSO VERIFICACI\u00d3N OPERATIVO DE DOCUMENTOS<\/td><td class=\"column-3\">IPA \u00c1vila - M\u00e1s informaci\u00f3n: https:\/\/forms.gle\/HEfAjz8jgugmw9NU8<\/td>\n<\/tr>\n<tr class=\"row-5\">\n\t<td class=\"column-1\">16\/04\/2024<\/td><td class=\"column-2\">VIDEOVIGILANCIA EN LA V\u00cdA P\u00daBLICA COMO COMPETENCIA DE LAS POLICIAS LOCALES<\/td><td class=\"column-3\">Instituto de Formaci\u00f3n Integral en Seguridad y Emergencias (IFISE) - Madrid                                                                                                                                                  M\u00e1s informaci\u00f3n:  cursos@ipamadrid.es<\/td>\n<\/tr>\n<tr class=\"row-6\">\n\t<td class=\"column-1\">06\/04\/2024<\/td><td class=\"column-2\">\"II CONGRESO NACIONAL TACTICAL POLICE DE IPA - Escuela nacional de Polic\u00eda de \u00c1vila.<\/td><td class=\"column-3\">M\u00e1s informaci\u00f3n: https:\/\/forms.gle\/d5QFBPmgPJhKnze27<\/td>\n<\/tr>\n<tr class=\"row-7\">\n\t<td class=\"column-1\">20\/03\/2024<\/td><td class=\"column-2\">GRUPOS JUVENILES DE CAR\u00c1CTER VIOLENTO \u2013 CAPTACI\u00d3N DE MENORES<\/td><td class=\"column-3\">Instituto de Formaci\u00f3n Integral en Seguridad y Emergencias (IFISE) - Madrid                                                                                                                                                  M\u00e1s informaci\u00f3n:  cursos@ipamadrid.es<\/td>\n<\/tr>\n<tr class=\"row-8\">\n\t<td class=\"column-1\">23\/02\/2024<\/td><td class=\"column-2\">Desde IPA Tarragona nos solicitan colaboraci\u00f3n en el trabajo de investigaci\u00f3n que est\u00e1 realizando el socio Jose Mar\u00eda Otin \"an\u00e1lisis de los estilos de toma de decisiones en el contexto de una investigaci\u00f3n criminal y la posible influencia de algunos sesgos cognitivos y rasgos de personalidad en las mismas.<\/td><td class=\"column-3\">M\u00e1s informaci\u00f3n: https:\/\/usalinvestigacion.eu.qualtrics.com\/jfe\/form\/SV_7adQ59r8IJzpGg6<\/td>\n<\/tr>\n<tr class=\"row-9\">\n\t<td class=\"column-1\">16 al 17\/02\/2024<\/td><td class=\"column-2\">CURSO DE ESPECIALIZACI\u00d3N PROFESIONAL AVANZADA EN AN\u00c1LISIS DE INTELIGENCIA<\/td><td class=\"column-3\">M\u00e1s informaci\u00f3n:  https:\/\/eicyc.es\/curso-experto-en-analisis-de-inteligencia\/<\/td>\n<\/tr>\n<tr class=\"row-10\">\n\t<td class=\"column-1\">02\/05\/2024<\/td><td class=\"column-2\">Conferencia \"GESTI\u00d3N DEL ESTR\u00c9S EN EL SERVICIO POLICIAL<\/td><td class=\"column-3\">Universidad Complutense en Alcal\u00e1 de Henares - Madrid<\/td>\n<\/tr>\n<tr class=\"row-11\">\n\t<td class=\"column-1\">Curso 2024-20225<\/td><td class=\"column-2\">UNIR, la Universidad en internet<\/td><td class=\"column-3\">M\u00e1s informaci\u00f3n: colectivos@unir.net - <\/td>\n<\/tr>\n<tr class=\"row-12\">\n\t<td class=\"column-1\">Curso 2024<\/td><td class=\"column-2\">Programa de Cursos de Escuela Internacional de Criminal?stica y Criminolog?a <\/td><td class=\"column-3\">M\u00e1s informaci\u00f3n:   www.eicyc.es <\/td>\n<\/tr>\n<\/tbody>\n<\/table>\n<!-- #tablepress-16 from cache --><\/p>\n","protected":false},"excerpt":{"rendered":"<p>En esta p\u00e1gina, recogemos la Formaci\u00f3n, Seminarios, Jornadas de car\u00e1cter profesional que nos han remitido desde las comunidades en las que IPA participa como organizadora o colaboradora. Actualizaci\u00f3n: 06\/05\/2024<\/p>\n","protected":false},"author":1,"featured_media":0,"parent":0,"menu_order":0,"comment_status":"closed","ping_status":"closed","template":"","meta":{"footnotes":""},"class_list":["post-4074","page","type-page","status-publish","hentry"],"_links":{"self":[{"href":"https:\/\/ipaeuskadi.org\/wordpress\/wp-json\/wp\/v2\/pages\/4074","targetHints":{"allow":["GET"]}}],"collection":[{"href":"https:\/\/ipaeuskadi.org\/wordpress\/wp-json\/wp\/v2\/pages"}],"about":[{"href":"https:\/\/ipaeuskadi.org\/wordpress\/wp-json\/wp\/v2\/types\/page"}],"author":[{"embeddable":true,"href":"https:\/\/ipaeuskadi.org\/wordpress\/wp-json\/wp\/v2\/users\/1"}],"replies":[{"embeddable":true,"href":"https:\/\/ipaeuskadi.org\/wordpress\/wp-json\/wp\/v2\/comments?post=4074"}],"version-history":[{"count":7,"href":"https:\/\/ipaeuskadi.org\/wordpress\/wp-json\/wp\/v2\/pages\/4074\/revisions"}],"predecessor-version":[{"id":5456,"href":"https:\/\/ipaeuskadi.org\/wordpress\/wp-json\/wp\/v2\/pages\/4074\/revisions\/5456"}],"wp:attachment":[{"href":"https:\/\/ipaeuskadi.org\/wordpress\/wp-json\/wp\/v2\/media?parent=4074"}],"curies":[{"name":"wp","href":"https:\/\/api.w.org\/{rel}","templated":true}]}}