{"id":3057,"date":"2018-06-19T08:07:46","date_gmt":"2018-06-19T08:07:46","guid":{"rendered":"http:\/\/ipaeuskadi.org\/wordpress\/?page_id=3057"},"modified":"2022-12-24T11:08:09","modified_gmt":"2022-12-24T11:08:09","slug":"comision-profesional-ipa-euskadi","status":"publish","type":"page","link":"https:\/\/ipaeuskadi.org\/wordpress\/comision-profesional-ipa-euskadi\/","title":{"rendered":"Comisi\u00f3n Profesional"},"content":{"rendered":"<p style=\"text-align: justify;\">Informaci\u00f3n de actividades, eventos\u00a0 relacionada\u00a0 con temas profesionales, organizados o en los que colabora tanto IPA Euskadi como el resto de Comunidades.<br \/>\nTambi\u00e9n tendr\u00e1n cabida en esta seccci\u00f3n aquellas aportaciones remitidas por los socios.<br \/>\nTodas las iniciativas que nos envi\u00e9is relacionadas con la labor policial, cursos, seminarios, jornadas, etc., ser\u00e1n estudiadas y aquellas que sirvan para dinamizar la actividad de IPA en esta materia intentaremos llevarlas a cabo.<br \/>\nPod\u00e9is hacernos llegar vuestras propuestas a comisionprofesional@ipaeuskadi.org<\/p>\n<table style=\"height: 176px;\" width=\"624\">\n<tbody>\n<tr>\n<td width=\"650\">\n<p style=\"text-align: center;\"><a href=\"https:\/\/ipaeuskadi.org\/wordpress\/wp-content\/uploads\/2018\/06\/formacion_arkaute.png\"><img loading=\"lazy\" decoding=\"async\" class=\" wp-image-1366 size-full aligncenter\" src=\"https:\/\/ipaeuskadi.org\/wordpress\/wp-content\/uploads\/2018\/06\/formacion_arkaute.png\" alt=\"Actividad Profesional\" width=\"175\" height=\"227\" \/><\/a>Actividad Profesional<\/p>\n<\/td>\n<\/tr>\n<\/tbody>\n<\/table>\n<p style=\"text-align: justify;\"><span style=\"text-decoration: underline; color: #ff0000;\">Importante:<\/span><br \/>\nLos comentarios que se remitan no se publicar\u00e1n de forma instant\u00e1nea ya que deben ser aprobados por IPA Euskadi para su publicaci\u00f3n.<br \/>\nEste procedimiento est\u00e1 motivado, s\u00f3lo y exclusivamente, para evitar comentarios o formas de\u00a0 expresi\u00f3n\u00a0 que nada\u00a0 tienen\u00a0 que ver\u00a0 con el esp\u00edritu de\u00a0 nuestra asociaci\u00f3n (comentarios pol\u00edticos o sindicales, expresiones malsonantes o injuriosa, etc).<\/p>\n","protected":false},"excerpt":{"rendered":"<p>Informaci\u00f3n de actividades, eventos\u00a0 relacionada\u00a0 con temas profesionales, organizados o en los que colabora tanto IPA Euskadi como el resto de Comunidades. Tambi\u00e9n tendr\u00e1n cabida en esta seccci\u00f3n aquellas aportaciones [&hellip;]<\/p>\n","protected":false},"author":1,"featured_media":0,"parent":0,"menu_order":0,"comment_status":"closed","ping_status":"closed","template":"","meta":{"footnotes":""},"class_list":["post-3057","page","type-page","status-publish","hentry"],"_links":{"self":[{"href":"https:\/\/ipaeuskadi.org\/wordpress\/wp-json\/wp\/v2\/pages\/3057","targetHints":{"allow":["GET"]}}],"collection":[{"href":"https:\/\/ipaeuskadi.org\/wordpress\/wp-json\/wp\/v2\/pages"}],"about":[{"href":"https:\/\/ipaeuskadi.org\/wordpress\/wp-json\/wp\/v2\/types\/page"}],"author":[{"embeddable":true,"href":"https:\/\/ipaeuskadi.org\/wordpress\/wp-json\/wp\/v2\/users\/1"}],"replies":[{"embeddable":true,"href":"https:\/\/ipaeuskadi.org\/wordpress\/wp-json\/wp\/v2\/comments?post=3057"}],"version-history":[{"count":7,"href":"https:\/\/ipaeuskadi.org\/wordpress\/wp-json\/wp\/v2\/pages\/3057\/revisions"}],"predecessor-version":[{"id":3090,"href":"https:\/\/ipaeuskadi.org\/wordpress\/wp-json\/wp\/v2\/pages\/3057\/revisions\/3090"}],"wp:attachment":[{"href":"https:\/\/ipaeuskadi.org\/wordpress\/wp-json\/wp\/v2\/media?parent=3057"}],"curies":[{"name":"wp","href":"https:\/\/api.w.org\/{rel}","templated":true}]}}